{"id":28,"date":"2016-07-08T10:49:16","date_gmt":"2016-07-08T08:49:16","guid":{"rendered":"http:\/\/ayitimizik.net\/?page_id=28"},"modified":"2018-09-03T16:20:56","modified_gmt":"2018-09-03T14:20:56","slug":"lassociation","status":"publish","type":"page","link":"http:\/\/ayitimizik.net\/index.php\/lassociation\/","title":{"rendered":"L&rsquo;ASSOCIATION"},"content":{"rendered":"<p><strong><span style=\"color: #ff6600;\">AYITI MIZIK<\/span><\/strong><\/p>\n<p>AYITI MIZIK est l&rsquo;association ha\u00eftienne des professionnels de la musique. Elle a \u00e9t\u00e9 enregistr\u00e9e l\u00e9galement \u00e0 Port-au-Prince, en juillet 2010.<\/p>\n<p><span style=\"color: #ff6600;\"><strong>MISSION<\/strong><\/span><\/p>\n<p>Le secteur de la musique en Ha\u00efti est riche d&rsquo;une grande vari\u00e9t\u00e9 de genres et d&rsquo;innombrables talents. Dans un pays connu pour sa cr\u00e9ativit\u00e9, il est s\u00fbrement l&rsquo;art le plus pratiqu\u00e9 et une source ind\u00e9niable de revenus pour de nombreux professionnels. Toutefois, le manque de structuration du secteur constitue un obstacle \u00e0 son d\u00e9veloppement et \u00e0 la constitution d&rsquo;un plaidoyer pour sa reconnaissance et ses besoins sp\u00e9cifiques.<\/p>\n<p><strong>Face \u00e0 ce constat, AYITI MIZIK\u00a0s&rsquo;est donn\u00e9 pour mission de structurer, promouvoir, prot\u00e9ger et faire prosp\u00e9rer le secteur de la musique en Ha\u00efti en lien avec la diaspora et l&rsquo;\u00e9tranger, \u00e0 travers la formation et l&rsquo;encadrement de ses membres.<\/strong><\/p>\n<p>AYITI MIZIK est bas\u00e9e sur l&rsquo;int\u00e9grit\u00e9, le respect et la tol\u00e9rance envers tous les professionnels de la musique \u0153uvrant dans un esprit d&rsquo;\u00e9quipe et de cr\u00e9ativit\u00e9.<\/p>\n<p><span style=\"color: #ff6600;\"><strong>OBJECTIFS<\/strong><\/span><\/p>\n<p>AYITI MIZIK vise de mani\u00e8re non exhaustive, \u00e0\u00a0:<\/p>\n<ul>\n<li>Participer \u00e0 la structuration de l\u2019industrie de la musique en Ha\u00efti<\/li>\n<li>Faire valoir la port\u00e9e sociale et \u00e9conomique de cette industrie<\/li>\n<li>Promouvoir la musique ha\u00eftienne \u00e0 l\u2019\u00e9tranger<\/li>\n<li>Encourager la cr\u00e9ation musicale<\/li>\n<li>D\u00e9fendre les int\u00e9r\u00eats des professions concern\u00e9es<\/li>\n<li>D\u00e9fendre les int\u00e9r\u00eats artistiques et financiers de ses membres, notamment \u00e0 travers la d\u00e9fense des droits des auteurs.<\/li>\n<li>Promouvoir toutes les pratiques musicales et toutes les formes de musique<\/li>\n<li>Soutenir la formation technique, artistique et professionnelle des membres.<\/li>\n<li>Mettre en r\u00e9seau les professionnels de l\u2019industrie musicale des diff\u00e9rentes parties du pays et de la diaspora<\/li>\n<li>Partager les informations sur le secteur musical et ses membres<\/li>\n<li>Accompagner les membres dans leurs activit\u00e9s<\/li>\n<\/ul>\n<p>&nbsp;<\/p>\n<p><strong><span style=\"color: #ff6600;\">AYITI MIZIK<\/span><\/strong>\u00a0est dirig\u00e9e par un bureau ex\u00e9cutif, renouvel\u00e9 chaque deux ans, en juillet.<\/p>\n<p><span style=\"color: #ff6600;\"><b>ASSEMBL\u00c9E<\/b><\/span><strong><span style=\"color: #ff6600;\">\u00a0G\u00c9N\u00c9RALE\u00a0AYITI MIZIK 2016-2018<\/span><\/strong><\/p>\n<p>Le bureau ex\u00e9cutif 2016-2018 est compos\u00e9 de\u00a0:<\/p>\n<ul>\n<li>Eddy Renaud\u00a0: Pr\u00e9sident<\/li>\n<li>Milena Sandler\u00a0: Vice-pr\u00e9sidente<\/li>\n<li>Pascale Jaunay\u00a0: Tr\u00e9sori\u00e8re<\/li>\n<li>Jean Gesner Dorval\u00a0: Secr\u00e9taire ex\u00e9cutif<\/li>\n<\/ul>\n<p><span style=\"color: #ff6600;\"><b>ASSEMBL\u00c9E<\/b><\/span><strong><span style=\"color: #ff6600;\">\u00a0G\u00c9N\u00c9RALE\u00a0AYITI MIZIK 2014-2016<\/span><\/strong><\/p>\n<ul>\n<li>Eddy Renaud : Pr\u00e9sident<\/li>\n<li>Milena Sandler\u00a0: Vice-pr\u00e9sidente<\/li>\n<li>Daniel Proph\u00e8te : Tr\u00e9sorier<\/li>\n<li>Muriel Augustin \u00ab\u00a0Miu\u00a0\u00bb : Secr\u00e9taire<\/li>\n<\/ul>\n<p><span style=\"color: #ff6600;\"><b>ASSEMBL\u00c9E<\/b><\/span><strong><span style=\"color: #ff6600;\">\u00a0G\u00c9N\u00c9RALE\u00a0AYITI MIZIK 2012-2014<\/span><\/strong><\/p>\n<ul>\n<li>Jean-Belony Murat \u00ab\u00a0Belo\u00a0\u00bb : Pr\u00e9sident<\/li>\n<li>Milena Sandler\u00a0: Vice-pr\u00e9sidente<\/li>\n<li>Lourdes-Anna Chancy, remplac\u00e9e par Fabienne Philippe-Auguste : Tr\u00e9sori\u00e8re<\/li>\n<li>Pascale Jaunay : Secr\u00e9taire<\/li>\n<\/ul>\n<p><span style=\"color: #ff6600;\"><b>ASSEMBL\u00c9E<\/b><\/span><strong><span style=\"color: #ff6600;\">\u00a0G\u00c9N\u00c9RALE\u00a0AYITI MIZIK 2010-2012<\/span><\/strong><\/p>\n<p>Le premier bureau fondateur de l&rsquo;association \u00e9tait compos\u00e9 de:<\/p>\n<ul>\n<li>Lionel Benjamin : Pr\u00e9sident<\/li>\n<li>Milena Sandler\u00a0: Vice-pr\u00e9sidente<\/li>\n<li>Yves Colimon : Tr\u00e9sorier<\/li>\n<li>Pascale Jaunay : Secr\u00e9taire<\/li>\n<\/ul>\n","protected":false},"excerpt":{"rendered":"<p>AYITI MIZIK AYITI MIZIK est l&rsquo;association ha\u00eftienne des professionnels de la musique. Elle a \u00e9t\u00e9 enregistr\u00e9e l\u00e9galement \u00e0 Port-au-Prince, en juillet 2010. MISSION Le secteur de la musique en Ha\u00efti est riche d&rsquo;une grande vari\u00e9t\u00e9 de genres et d&rsquo;innombrables talents. &hellip; <a href=\"http:\/\/ayitimizik.net\/index.php\/lassociation\/\">Continuer la lecture <span class=\"meta-nav\">&rarr;<\/span><\/a><\/p>\n","protected":false},"author":2,"featured_media":0,"parent":0,"menu_order":0,"comment_status":"closed","ping_status":"closed","template":"","meta":[],"_links":{"self":[{"href":"http:\/\/ayitimizik.net\/index.php\/wp-json\/wp\/v2\/pages\/28"}],"collection":[{"href":"http:\/\/ayitimizik.net\/index.php\/wp-json\/wp\/v2\/pages"}],"about":[{"href":"http:\/\/ayitimizik.net\/index.php\/wp-json\/wp\/v2\/types\/page"}],"author":[{"embeddable":true,"href":"http:\/\/ayitimizik.net\/index.php\/wp-json\/wp\/v2\/users\/2"}],"replies":[{"embeddable":true,"href":"http:\/\/ayitimizik.net\/index.php\/wp-json\/wp\/v2\/comments?post=28"}],"version-history":[{"count":14,"href":"http:\/\/ayitimizik.net\/index.php\/wp-json\/wp\/v2\/pages\/28\/revisions"}],"predecessor-version":[{"id":1112,"href":"http:\/\/ayitimizik.net\/index.php\/wp-json\/wp\/v2\/pages\/28\/revisions\/1112"}],"wp:attachment":[{"href":"http:\/\/ayitimizik.net\/index.php\/wp-json\/wp\/v2\/media?parent=28"}],"curies":[{"name":"wp","href":"https:\/\/api.w.org\/{rel}","templated":true}]}}