{"id":1175,"date":"2018-09-07T14:52:50","date_gmt":"2018-09-07T12:52:50","guid":{"rendered":"http:\/\/ayitimizik.net\/?page_id=1175"},"modified":"2018-09-11T21:56:02","modified_gmt":"2018-09-11T19:56:02","slug":"plateau-jeunes-talents-2","status":"publish","type":"page","link":"http:\/\/ayitimizik.net\/index.php\/plateau-jeunes-talents-2\/","title":{"rendered":"PLATEAU JEUNES TALENTS (2015-2018)"},"content":{"rendered":"<p><img loading=\"lazy\" class=\"alignleft size-thumbnail wp-image-476\" src=\"http:\/\/ayitimizik.net\/wp-content\/uploads\/2016\/11\/Talia-asbl-logo-150x150.png\" alt=\"\" width=\"150\" height=\"150\" srcset=\"http:\/\/ayitimizik.net\/wp-content\/uploads\/2016\/11\/Talia-asbl-logo-150x150.png 150w, http:\/\/ayitimizik.net\/wp-content\/uploads\/2016\/11\/Talia-asbl-logo-423x423.png 423w, http:\/\/ayitimizik.net\/wp-content\/uploads\/2016\/11\/Talia-asbl-logo-237x237.png 237w, http:\/\/ayitimizik.net\/wp-content\/uploads\/2016\/11\/Talia-asbl-logo.png 425w\" sizes=\"(max-width: 150px) 100vw, 150px\" \/>Pendant trois ann\u00e9es cons\u00e9cutives, de 2015 \u00e0 2018 Ayiti Mizik a accueilli l\u2019association belge Talia et son projet Plateau Jeunes Talents 2015.<br \/>\nSitu\u00e9 dans la lign\u00e9e du spectacle \u00ab\u00a0Ha\u00efti un autre regard\u00a0\u00bb, ce projet a pour objectif de contribuer \u00e0 un \u00e9change de comp\u00e9tences en mati\u00e8re de professionnalisation, de formation et de cr\u00e9ation afin d\u2019encourager l\u2019\u00e9mergence d\u2019une nouvelle sc\u00e8ne musicale ha\u00eftienne.<\/p>\n<p>Chaque ann\u00e9e, durant 5 jours, une dizaine d&rsquo;artistes, s\u00e9lectionn\u00e9s parmi\u00a0les candidats recommand\u00e9s par les institutions partenaires de Ayiti Mizik, b\u00e9n\u00e9ficient d\u2019ateliers en \u00e9criture de textes, coaching vocal, coaching musical, coaching sc\u00e9nique. Les ateliers se cl\u00f4turent par des rencontres entre les participants et les formateurs internationaux,\u00a0Pierre Vaiana, C\u00e9dric van Caillie, Beno\u00eet Tempels et Fran\u00e7ois Vaiana. Parall\u00e8lement aux ateliers artistiques, un accompagnement et une formation sont organis\u00e9s \u00e0 destination de deux sonorisateurs.<\/p>\n<p>A l\u2019issue de cette formation, 4 artistes ou techniciens sont invit\u00e9s \u00e0 Bruxelles pour une dur\u00e9e d\u2019un mois, dans le cadre d\u2019une r\u00e9sidence de formation, coordonn\u00e9e par Talia Asbl, au cours de laquelle\u00a0ils participent \u00e0 des stages de perfectionnement, tels que des stages sur la sonorisation et les home studios, l\u2019\u00e9criture et la composition de chanson, la cr\u00e9ation d\u2019un spectacle musical chant\u00e9, la basse \u00e9lectrique, le jazz et l\u2019harmonie, etc.<\/p>\n<p>Les laur\u00e9ats ont \u00e9t\u00e9 les suivants :<\/p>\n<ul>\n<li>\u00a0Bazin Fritz Michel Andr\u00e9 Hercules,\u00a0David Cass\u00e9us,\u00a0Jean Gethro\u00a0Mathon,\u00a0James Vergneau (2015)<\/li>\n<li>Coralie H\u00e9rard, Samora Julmisse, Jo\u00ebl Pierrevil,\u00a0Pierre Edouard Ren\u00e9 (2016)<\/li>\n<li>David Cass\u00e9us, Coralie H\u00e9rard, Gethce Pierre, <span lang=\"EN-US\">Jehyna Sahyeir\u00a0<\/span>(2017)<\/li>\n<\/ul>\n<p class=\"Corps\">Le Plateau Jeunes Talents est soutenu financi\u00e8rement par Wallonie Bruxelles International (WBI), dans le cadre du programme de coop\u00e9ration bilat\u00e9rale entre la R\u00e9publique d\u2019Ha\u00efti et les Gouvernements de la Wallonie et de la F\u00e9d\u00e9ration Wallonie-Bruxelles.<\/p>\n<p><img loading=\"lazy\" class=\"alignleft size-full wp-image-519\" src=\"http:\/\/ayitimizik.net\/wp-content\/uploads\/2016\/12\/wbi-new-logo.jpg\" alt=\"\" width=\"210\" height=\"120\" \/><\/p>\n","protected":false},"excerpt":{"rendered":"<p>Pendant trois ann\u00e9es cons\u00e9cutives, de 2015 \u00e0 2018 Ayiti Mizik a accueilli l\u2019association belge Talia et son projet Plateau Jeunes Talents 2015. Situ\u00e9 dans la lign\u00e9e du spectacle \u00ab\u00a0Ha\u00efti un autre regard\u00a0\u00bb, ce projet a pour objectif de contribuer \u00e0 &hellip; <a href=\"http:\/\/ayitimizik.net\/index.php\/plateau-jeunes-talents-2\/\">Continuer la lecture <span class=\"meta-nav\">&rarr;<\/span><\/a><\/p>\n","protected":false},"author":2,"featured_media":0,"parent":0,"menu_order":0,"comment_status":"closed","ping_status":"closed","template":"","meta":[],"_links":{"self":[{"href":"http:\/\/ayitimizik.net\/index.php\/wp-json\/wp\/v2\/pages\/1175"}],"collection":[{"href":"http:\/\/ayitimizik.net\/index.php\/wp-json\/wp\/v2\/pages"}],"about":[{"href":"http:\/\/ayitimizik.net\/index.php\/wp-json\/wp\/v2\/types\/page"}],"author":[{"embeddable":true,"href":"http:\/\/ayitimizik.net\/index.php\/wp-json\/wp\/v2\/users\/2"}],"replies":[{"embeddable":true,"href":"http:\/\/ayitimizik.net\/index.php\/wp-json\/wp\/v2\/comments?post=1175"}],"version-history":[{"count":6,"href":"http:\/\/ayitimizik.net\/index.php\/wp-json\/wp\/v2\/pages\/1175\/revisions"}],"predecessor-version":[{"id":1189,"href":"http:\/\/ayitimizik.net\/index.php\/wp-json\/wp\/v2\/pages\/1175\/revisions\/1189"}],"wp:attachment":[{"href":"http:\/\/ayitimizik.net\/index.php\/wp-json\/wp\/v2\/media?parent=1175"}],"curies":[{"name":"wp","href":"https:\/\/api.w.org\/{rel}","templated":true}]}}