{"id":1138,"date":"2018-09-06T22:34:40","date_gmt":"2018-09-06T20:34:40","guid":{"rendered":"http:\/\/ayitimizik.net\/?page_id=1138"},"modified":"2018-09-06T22:37:15","modified_gmt":"2018-09-06T20:37:15","slug":"tables-rondes-2","status":"publish","type":"page","link":"http:\/\/ayitimizik.net\/index.php\/tables-rondes-2\/","title":{"rendered":"TABLES RONDES"},"content":{"rendered":"<p>AYITI MIZIK convoque r\u00e9guli\u00e8rement les professionnels de la musique autour de sujets d&rsquo;int\u00e9r\u00eat commun qui sont discut\u00e9s en tables rondes.<\/p>\n<p><span style=\"text-decoration: underline;\">2011:<\/span><\/p>\n<ul>\n<li>Table ronde sur les droits d&rsquo;auteur<\/li>\n<\/ul>\n<p><span style=\"text-decoration: underline;\">2012:<\/span><\/p>\n<ul>\n<li>Pour une reconnaissance des m\u00e9tiers de la musique<\/li>\n<\/ul>\n<p><span style=\"text-decoration: underline;\">2013:<\/span><\/p>\n<ul>\n<li>Quel avenir pour la musique ha\u00eftienne<\/li>\n<\/ul>\n<p><span style=\"text-decoration: underline;\">2015:<\/span><\/p>\n<ul>\n<li>Soixante ans du konpa : bilan et perspectives<\/li>\n<\/ul>\n<p><span style=\"text-decoration: underline;\">2017:<\/span><\/p>\n<ul>\n<li>Table ronde pour l&rsquo;identification des 5 priorit\u00e9s du secteur de la musique et des moyens de leur mise en oeuvre dans le cadre du projet de cartographie de la musique ha\u00eftienne<\/li>\n<\/ul>\n<p>Consulter les archives des tables rondes <a href=\"http:\/\/ayitimizik.net\/index.php\/category\/table-ronde\/\">ici<\/a><\/p>\n<p>&nbsp;<\/p>\n","protected":false},"excerpt":{"rendered":"<p>AYITI MIZIK convoque r\u00e9guli\u00e8rement les professionnels de la musique autour de sujets d&rsquo;int\u00e9r\u00eat commun qui sont discut\u00e9s en tables rondes. 2011: Table ronde sur les droits d&rsquo;auteur 2012: Pour une reconnaissance des m\u00e9tiers de la musique 2013: Quel avenir pour &hellip; <a href=\"http:\/\/ayitimizik.net\/index.php\/tables-rondes-2\/\">Continuer la lecture <span class=\"meta-nav\">&rarr;<\/span><\/a><\/p>\n","protected":false},"author":2,"featured_media":0,"parent":0,"menu_order":0,"comment_status":"closed","ping_status":"closed","template":"","meta":[],"_links":{"self":[{"href":"http:\/\/ayitimizik.net\/index.php\/wp-json\/wp\/v2\/pages\/1138"}],"collection":[{"href":"http:\/\/ayitimizik.net\/index.php\/wp-json\/wp\/v2\/pages"}],"about":[{"href":"http:\/\/ayitimizik.net\/index.php\/wp-json\/wp\/v2\/types\/page"}],"author":[{"embeddable":true,"href":"http:\/\/ayitimizik.net\/index.php\/wp-json\/wp\/v2\/users\/2"}],"replies":[{"embeddable":true,"href":"http:\/\/ayitimizik.net\/index.php\/wp-json\/wp\/v2\/comments?post=1138"}],"version-history":[{"count":3,"href":"http:\/\/ayitimizik.net\/index.php\/wp-json\/wp\/v2\/pages\/1138\/revisions"}],"predecessor-version":[{"id":1287,"href":"http:\/\/ayitimizik.net\/index.php\/wp-json\/wp\/v2\/pages\/1138\/revisions\/1287"}],"wp:attachment":[{"href":"http:\/\/ayitimizik.net\/index.php\/wp-json\/wp\/v2\/media?parent=1138"}],"curies":[{"name":"wp","href":"https:\/\/api.w.org\/{rel}","templated":true}]}}